{"id":1799,"date":"2023-11-05T18:35:52","date_gmt":"2023-11-05T17:35:52","guid":{"rendered":"https:\/\/ars-musica.musicanet.org\/?page_id=1799"},"modified":"2024-09-17T10:14:33","modified_gmt":"2024-09-17T08:14:33","slug":"historique","status":"publish","type":"page","link":"https:\/\/ars-musica.ovh\/index.php\/historique\/","title":{"rendered":"Historique"},"content":{"rendered":"\n<p class=\"has-text-align-center has-medium-font-size\"><strong>ARS MUSICA&nbsp;: UNE BELLE AVENTURE CHORALE<\/strong><\/p>\n\n\n\n<p><strong>Une origine universitaire<\/strong><\/p>\n\n\n\n<p>Forg\u00e9 au sein de la Chorale Universitaire de Nancy, un \u00ab&nbsp;<strong>Ensemble vocal<\/strong>&nbsp;\u00bb r\u00e9unit, au d\u00e9but des ann\u00e9es 1970, quelques choristes d\u00e9sireux de parfaire leur performance vocale et d\u2019aborder un r\u00e9pertoire exigeant. En 1975, sous l\u2019impulsion de <strong>Jean-Claude Simon<\/strong>, cet ensemble d\u00e9cide de voler de ses propres ailes sous l\u2019appellation \u00ab&nbsp;<strong>Ensemble Vocal Universitaire<\/strong>&nbsp;\u00bb dont Fran\u00e7oise Brunier prendra ensuite la direction en 1978. Pour mieux affirmer sa vocation musicologique, elle lui conf\u00e8re alors cette nouvelle d\u00e9nomination&nbsp;:&nbsp;<strong>\u00ab&nbsp;Ensemble Vocal Universitaire ARS MUSICA&nbsp;\u00bb.<\/strong><\/p>\n\n\n\n<p>Bien vite, en raison du profil de recrutement des choristes, l\u2019ensemble renonce \u00e0 son statut d\u2019universitaire pour s\u2019\u00e9manciper \u00e0 nouveau et devenir pleinement l\u2019<strong>\u00ab Ensemble Vocal ARS MUSICA&nbsp;\u00bb.&nbsp;<\/strong>C\u2019est sous ce nom qu\u2019il va d\u00e8s lors b\u00e2tir sa r\u00e9putation et construire, sous la houlette dynamique et inventive de <strong>Fran\u00e7oise Brunier<\/strong>, une belle aventure musicale qui ne cessera d\u00e8s lors de s\u2019enrichir.<\/p>\n\n\n\n<p><strong>Une vocation musicologique<\/strong><\/p>\n\n\n\n<p>De par son histoire et la comp\u00e9tence de sa cheffe, Ars Musica poursuit inlassablement une recherche musicologique en refusant de se cantonner \u00e0 une \u00e9poque ou \u00e0 un si\u00e8cle\u00a0; il s\u2019efforce, au contraire, de rester ouvert \u00e0 toutes les formes d\u2019expression musicale et tente de porter \u00e0 la connaissance du grand public des \u0153uvres peu chant\u00e9es, et parfois m\u00eame totalement ignor\u00e9es. Et pour les rendre plus accessibles, Fran\u00e7oise Brunier concocte des programmes th\u00e9matiques vari\u00e9s et coh\u00e9rents\u00a0:\u00a0\u00ab\u00a0Un si\u00e8cle d\u2019amour et de guerre\u00a0\u00bb, \u00ab\u00a0Au fil de l\u2019eau\u00a0\u00bb, \u00ab\u00a0Petites et grosses b\u00eates\u00a0\u00bb, \u00ab\u00a0Une soir\u00e9e chez les romantiques\u00a0\u00bb, \u00ab\u00a0Piano Voce\u00a0\u00bb, \u00ab\u00a0Autour de la Schola Cantorum\u00a0\u00bb, etc.<\/p>\n\n\n\n<p>Affili\u00e9 depuis sa cr\u00e9ation au mouvement de chant choral&nbsp;A C\u0153ur Joie, Ars Musica participe, en plus de son programme annuel sp\u00e9cifique, aux rassemblements organis\u00e9s par cette f\u00e9d\u00e9ration. C\u2019est \u00e0 ce titre qu\u2019il a pu se produire \u00e0 plusieurs reprises aux Choralies de Vaison-la-Romaine, apporter son concours \u00e0 de nombreux concerts avec orchestre baroque ou symphonique et chanter les principales \u0153uvres du r\u00e9pertoire classique dont, parmi bien d\u2019autres, le Gloria de Francis Poulenc, les Requiem de Verdi, de Faur\u00e9, de Durufl\u00e9 et John Rutter, la Missa di Gloria de Puccini, la Messe de l\u2019Homme Arm\u00e9 de Jenkins. En avril 2018, l\u2019Irish Mass de Gilles Mathieu r\u00e9unit, en quatre concerts dans le Grand Est, pas moins de 2.000 auditeurs enthousiastes&nbsp;! M\u00eame succ\u00e8s en 2022, tant en r\u00e9gion lorraine qu\u2019aux Choralies de Vaison, pour l\u2019interpr\u00e9tation du \u00ab&nbsp;Jubilate Deo&nbsp;\u00bb du compositeur am\u00e9ricain Dan Forest sous la direction de Geoffroy Van\u00e7on. Au sein du grand ch\u0153ur du P\u00f4le A C\u0153ur Joie Lorraine, Ars Musica pr\u00e9pare actuellement, sous la direction de Guillaume Fauch\u00e8re, la Messe du Couronnement de Franz Liszt qui sera donn\u00e9e en r\u00e9gion en mai 2025 et en ao\u00fbt aux Choralies.<\/p>\n\n\n\n<p><strong>Un esprit d\u2019ouverture<\/strong><\/p>\n\n\n\n<p>Sa participation aux sessions d\u2019<strong>Europa Cantat<\/strong>&nbsp;a permis \u00e0 l\u2019Ensemble vocal de se rendre en Hongrie, en Tch\u00e9quie, \u00e0 Mayence et \u00e0 Barcelone.<\/p>\n\n\n\n<p>Cette ouverture europ\u00e9enne se confirme gr\u00e2ce aux nombreux \u00e9changes d\u2019Ars Musica avec le Madrigal du Brabant et son partenariat avec ses amis luxembourgeois que sont le ch\u0153ur international Eurocantica et l\u2019orchestre Estro Armonico&nbsp;: Ars Musica a collabor\u00e9 \u00e0 La Cr\u00e9ation de Haydn sous la direction de Rosch Mirkes en novembre 2012 \u00e0 Luxembourg et \u00e0 Nancy, et \u00e0 l\u2019Oratorio de No\u00ebl de J-S Bach en d\u00e9cembre 2014 \u00e0 Luxembourg et \u00e0 Epinal dans le cadre des Concerts Classiques. En f\u00e9vrier 2020, avec ces m\u00eames partenaires, il a donn\u00e9 une belle version du Roi David d\u2019Honegger sous la direction d\u2019un jeune chef prometteur&nbsp;: Andy Loor.<\/p>\n\n\n\n<p>L\u2019Ensemble Vocal se pr\u00eate aussi volontiers \u00e0 toute exp\u00e9rience innovante&nbsp;: il a ainsi particip\u00e9 en avril 2017 \u00e0 la repr\u00e9sentation de la pi\u00e8ce \u00ab&nbsp;Les \u00c9v\u00e9nements \u00bb de David Greig au c\u00f4t\u00e9 de Romane Bohringer au Th\u00e9\u00e2tre de la Manufacture de Nancy.<\/p>\n\n\n\n<p>Pour f\u00eater dignement son entr\u00e9e en fanfare dans sa 45<sup>\u00e8me<\/sup>&nbsp;ann\u00e9e, l\u2019Ensemble Vocal Ars Musica a propos\u00e9 en mars 2022 un programme de musique v\u00e9nitienne&nbsp;: cuivres et doubles ch\u0153urs ont ressuscit\u00e9, l\u2019espace de ce concert, les brillantes \u00ab&nbsp;Grandes Heures de Saint-Marc&nbsp;\u00bb&nbsp;!<\/p>\n\n\n\n<p><strong>De nouvelles pages\u2026<\/strong><\/p>\n\n\n\n<p>Pour la saison chorale 2022\/2023, Fran\u00e7oise Brunier passe le relais \u00e0 <strong>Damien Gu\u00e9don<\/strong> qui accepte, avec une sympathique et amicale d\u00e9termination, de mettre ses comp\u00e9tences au service de l\u2019Ensemble vocal. Professeur au P\u00f4le d\u00e9partemental des pratiques vocales collectives \u00e0 \u00c9pinal, professeur de direction et chef de ch\u0153ur au Conservatoire de cette m\u00eame ville, il est par ailleurs charg\u00e9 de cours au d\u00e9partement de musicologie de l\u2019Universit\u00e9 de Lorraine de Nancy.<\/p>\n\n\n\n<p>Gr\u00e2ce \u00e0 une collaboration fructueuse d\u2019Ars Musica avec le ch\u0153ur de Musicologie, m\u00ealant ainsi l\u2019exp\u00e9rience de choristes aguerris \u00e0 la fra\u00eecheur juv\u00e9nile des \u00e9tudiants, Damien Gu\u00e9don parvient \u00e0 redynamiser le groupe choral autour d\u2019un premier programme, donn\u00e9 en novembre 2022, compos\u00e9 de pi\u00e8ces des XVIe et XVIIe si\u00e8cles accompagn\u00e9es d\u2019un ensemble instrumental et \u00e9voquant l\u2019histoire de l\u2019\u00e9glise des Cordeliers (Arcadelt, Josquin des Pr\u00e9s, Brossard, Du Mont et la messe \u00ab&nbsp;Audi et vidi&nbsp;\u00bb de L\u00e9onard Gontier)&nbsp;; suivra un second programme, m\u00ealant ch\u0153urs et orgues, consacr\u00e9 \u00e0 la musique sacr\u00e9e fran\u00e7aise des XXe et XXIe si\u00e8cles (Dupr\u00e9, Durufl\u00e9, Langlais, B\u00e9dard, et la Messe solennelle pour ch\u0153ur et deux orgues de Louis Vierne) et donn\u00e9 en concert en avril-mai 2023 \u00e0 Saint-Di\u00e9, Nancy, Langres et \u00e0 Paris ( \u00e9glises de Saint-Bernard de la Chapelle et de Saint-Sulpice).<\/p>\n\n\n\n<p>Cependant, au cours de cette saison chorale prometteuse, le d\u00e9c\u00e8s de sa cheffe historique Fran\u00e7oise Brunier plonge Ars Musica dans la peine et le d\u00e9sarroi&nbsp;: Ars Musica se retrouve \u00e0 nouveau sans direction musicale\u2026 Mais la rel\u00e8ve est opportun\u00e9ment (pour ne pas dire miraculeusement&nbsp;!) assur\u00e9e en la personne de <strong>Guillaume Fauch\u00e8re<\/strong>, chef des ch\u0153urs de l\u2019Op\u00e9ra de Lorraine, qui s\u2019est montr\u00e9 fort int\u00e9ress\u00e9 par l\u2019h\u00e9ritage, le profil et le potentiel de l\u2019Ensemble vocal et qui a accept\u00e9 sans plus tarder de prendre en main ses destin\u00e9es. D\u2019embl\u00e9e, il engage la participation d\u2019Ars Musica au projet \u00ab&nbsp;Sing along&nbsp;\u00bb, une formule originale qui r\u00e9unit salle Poirel \u00e0 Nancy en janvier 2024 l\u2019Orchestre Symphonique de Nancy et divers ch\u0153urs, dont celui de l\u2019Op\u00e9ra, autour d\u2019extraits de La Cr\u00e9ation de Haydn. Sous sa direction, Ars Musica renoue avec son programme de pr\u00e9dilection, celui de Francis Poulenc, en juin 2024 avec l\u2019interpr\u00e9tation a capella de quelques pi\u00e8ces de musique sacr\u00e9e, suivies de l\u2019\u00e9mouvante Via Crucis de Franz Liszt, avec le concours de l\u2019organiste Dominique Br\u00e9da.<\/p>\n\n\n\n<p>Fid\u00e8le \u00e0 sa tradition musicologique impuls\u00e9e par sa fondatrice, Ars Musica poursuit actuellement sous la direction de <strong>Guillaume Paire,<\/strong> sa recherche de la qualit\u00e9 musicale autour d\u2019un programme explorant les rapports entre po\u00e9sie et musique. Soucieux de pr\u00e9server son esprit associatif et de diffuser largement la musique chorale, Ars Musica mise avec confiance sur le r\u00e9cent rajeunissement de ses effectifs.<\/p>\n\n\n\n<p><\/p>\n","protected":false},"excerpt":{"rendered":"<p>ARS MUSICA&nbsp;: UNE BELLE AVENTURE CHORALE Une origine universitaire Forg\u00e9 au sein de la Chorale Universitaire de Nancy, un \u00ab&nbsp;Ensemble vocal&nbsp;\u00bb r\u00e9unit, au d\u00e9but des ann\u00e9es 1970, quelques choristes d\u00e9sireux de parfaire leur performance vocale et d\u2019aborder un r\u00e9pertoire exigeant. &hellip; <a href=\"https:\/\/ars-musica.ovh\/index.php\/historique\/\">Continuer la lecture <span class=\"meta-nav\">&rarr;<\/span><\/a><\/p>\n","protected":false},"author":1,"featured_media":0,"parent":0,"menu_order":0,"comment_status":"closed","ping_status":"closed","template":"","meta":{"footnotes":""},"class_list":["post-1799","page","type-page","status-publish","hentry"],"_links":{"self":[{"href":"https:\/\/ars-musica.ovh\/index.php\/wp-json\/wp\/v2\/pages\/1799","targetHints":{"allow":["GET"]}}],"collection":[{"href":"https:\/\/ars-musica.ovh\/index.php\/wp-json\/wp\/v2\/pages"}],"about":[{"href":"https:\/\/ars-musica.ovh\/index.php\/wp-json\/wp\/v2\/types\/page"}],"author":[{"embeddable":true,"href":"https:\/\/ars-musica.ovh\/index.php\/wp-json\/wp\/v2\/users\/1"}],"replies":[{"embeddable":true,"href":"https:\/\/ars-musica.ovh\/index.php\/wp-json\/wp\/v2\/comments?post=1799"}],"version-history":[{"count":2,"href":"https:\/\/ars-musica.ovh\/index.php\/wp-json\/wp\/v2\/pages\/1799\/revisions"}],"predecessor-version":[{"id":2122,"href":"https:\/\/ars-musica.ovh\/index.php\/wp-json\/wp\/v2\/pages\/1799\/revisions\/2122"}],"wp:attachment":[{"href":"https:\/\/ars-musica.ovh\/index.php\/wp-json\/wp\/v2\/media?parent=1799"}],"curies":[{"name":"wp","href":"https:\/\/api.w.org\/{rel}","templated":true}]}}